{"id":13274,"date":"2025-06-12T16:29:16","date_gmt":"2025-06-12T14:29:16","guid":{"rendered":"https:\/\/www.lasalmasgroup.com\/?page_id=13274"},"modified":"2025-09-24T10:26:19","modified_gmt":"2025-09-24T08:26:19","slug":"las-almas-holding","status":"publish","type":"page","link":"https:\/\/www.lasalmasgroup.com\/es\/las-almas-holding\/","title":{"rendered":"Las Almas Holding"},"content":{"rendered":"<p><strong>Estructura societaria del Grupo Las Almas<\/strong><\/p>\r\n\r\n\r\n\r\n<p>El Grupo Las Almas sigue un modelo claro y orientado al crecimiento con el objetivo de establecer institutos neuroterap\u00e9uticos modernos en diversos pa\u00edses europeos. Nuestros institutos representan un alto nivel de profesionalismo en los campos m\u00e9dico y terap\u00e9utico, con una amplia experiencia, utilizando dispositivos m\u00e9dicos certificados y procedimientos terap\u00e9uticos con reconocimiento cient\u00edfico.<\/p>\r\n\r\n\r\n\r\n<p><strong>Las ALMAS Holding GmbH\u00a0<\/strong><\/p>\r\n\r\n\r\n\r\n<p>El holding central del Grupo Las Almas posee actualmente\u00a0<strong>60% de las acciones<\/strong>\u00a0en las sedes del instituto que se est\u00e1n estableciendo en Europa. El resto\u00a0<strong>40 %<\/strong>\u00a0se distribuyen a trav\u00e9s de\u00a0<strong>Inversores (20 %)<\/strong>\u00a0y\u00a0<strong>socios silenciosos (20 %)<\/strong>, en su mayor\u00eda m\u00e9dicos y terapeutas experimentados de diversas disciplinas m\u00e9dicas.<\/p>\r\n\r\n\r\n\r\n<p><strong>Filiales 2025\u20132026<\/strong><\/p>\r\n\r\n\r\n\r\n<p>Los siguientes institutos est\u00e1n en construcci\u00f3n:<\/p>\r\n\r\n\r\n\r\n<ul class=\"wp-block-list\">\r\n<li><strong>Instituto LAS ALMAS Baleares SL<\/strong><br \/>Inicio: 20 de octubre de 2025<\/li>\r\n\r\n\r\n\r\n<li><strong>Instituto LAS ALMAS VIENA GmbH<\/strong><br \/>Inicio: 1 de septiembre de 2025<\/li>\r\n\r\n\r\n\r\n<li><strong>Instituto ALMAS BERL\u00cdN GmbH<\/strong><br \/>Inicio: segundo trimestre de 2026<\/li>\r\n\r\n\r\n<\/ul>\r\n\r\n\r\n\r\n<p><em>Socios silenciosos<\/em>\u00a0Por lo general son m\u00e9dicos especialistas de medicina general, neurolog\u00eda, psiquiatr\u00eda, ginecolog\u00eda, anestesiolog\u00eda, medicina del dolor y paliativa, reumatolog\u00eda, as\u00ed como medicina y terapia psicosom\u00e1tica.<\/p>\r\n\r\n\r\n\r\n<p><strong>A partir de 2027: Modelo de franquicia<\/strong><\/p>\r\n\r\n\r\n\r\n<p>A partir de 2027, la ampliaci\u00f3n ser\u00e1\u00a0<strong>Modelo de franquicia<\/strong>\u00a0Las ALMAS Holding GmbH seguir\u00e1 participando con\u00a0<strong>25% de las acciones<\/strong>, mientras\u00a0<strong>75% de los inversores<\/strong>\u00a0Cada nuevo\u00a0<strong>FRANQUICIA LAS ALMAS Institut GmbH<\/strong>\u00a0Se basa en est\u00e1ndares probados, excelencia terap\u00e9utica y tecnolog\u00eda de \u00faltima generaci\u00f3n.<\/p>\r\n\r\n\r\n<hr class=\"wp-block-separator has-alpha-channel-opacity\" \/>\r\n\r\n\r\n<h3 class=\"wp-block-heading\"><strong>La estructura del Grupo Las Almas<\/strong><\/h3>\r\n\r\n\r\n\r\n<p>El Grupo Las Almas aplica un enfoque hol\u00edstico a las terapias psicoterap\u00e9uticas y neurotecnol\u00f3gicas en Europa. Su estructura combina medicina psicosom\u00e1tica, terapia integrativa, formaci\u00f3n acad\u00e9mica y apoyo.<s>\u00a0<\/s>intercambio cient\u00edfico a trav\u00e9s de un estudio planificado entre tres pa\u00edses<s>.<\/s><\/p>\r\n\r\n\r\n\r\n<p>Adem\u00e1s, el Grupo Las Almas crear\u00e1 una fundaci\u00f3n con el objetivo de ayudar a personas necesitadas mediante apoyo espec\u00edfico.\u00a0<\/p>\r\n\r\n\r\n\r\n<h4 class=\"wp-block-heading\"><strong>1. Instituto LAS ALMAS<\/strong><\/h4>\r\n\r\n\r\n\r\n<p>Nuestros institutos ofrecen la\u00a0<strong>Terapia h\u00edbrida-intensiva<\/strong>\u00a0as\u00ed como una gama ampliada de tratamientos neurotecnol\u00f3gicos modernos. El objetivo es crear instalaciones especialmente atractivas por su ubicaci\u00f3n, oferta terap\u00e9utica y un entorno que promueva la recuperaci\u00f3n.<\/p>\r\n\r\n\r\n\r\n<p>El\u00a0<strong>Post e-Salud<\/strong>\u00a0La terapia del Grupo Las Almas es un innovador programa de seguimiento que garantiza el \u00e9xito terap\u00e9utico a largo plazo y apoya a los pacientes incluso despu\u00e9s de un tratamiento intensivo. Basado en herramientas digitales, apoyo personal y conocimientos neurobiol\u00f3gicos, este programa ayuda a las personas a integrar lo aprendido en el proceso terap\u00e9utico en su vida diaria, de forma continua, individual y desde cualquier lugar.<\/p>\r\n\r\n\r\n\r\n<h4 class=\"wp-block-heading\"><strong>2. Academia LAS ALMAS<\/strong><\/h4>\r\n\r\n\r\n\r\n<p>A partir de 2026, el\u00a0<strong>LAS<\/strong>\u00a0<strong>Academia ALMAS<\/strong>\u00a0Fue fundada con el objetivo de formar a terapeutas y m\u00e9dicos en procedimientos psicol\u00f3gicos modernos as\u00ed como en el uso de tecnolog\u00edas innovadoras como neurofeedback, rTMS, experiencia de luz (Lucia N\u00b003) y mucho m\u00e1s.<\/p>\r\n\r\n\r\n\r\n<p>La academia est\u00e1 dirigida a:<\/p>\r\n\r\n\r\n\r\n<ul class=\"wp-block-list\">\r\n<li>profesionales m\u00e9dicos<\/li>\r\n\r\n\r\n\r\n<li>Psicoterapeutas<\/li>\r\n\r\n\r\n\r\n<li><strong>particulares interesados<\/strong><\/li>\r\n<\/ul>\r\n\r\n\r\n\r\n<p>Despu\u00e9s de completar con \u00e9xito los m\u00f3dulos, los participantes reciben un certificado de participaci\u00f3n emitido por la Academia Almas.<\/p>\r\n\r\n\r\n\r\n<h4 class=\"wp-block-heading\"><strong>3. Fundaci\u00f3n LAS ALMAS<\/strong><\/h4>\r\n\r\n\r\n\r\n<p>El\u00a0<strong>Fundaci\u00f3n ALMAS<\/strong>\u00a0LAS ALMAS es una organizaci\u00f3n sin \u00e1nimo de lucro financiada mediante donaciones, legados y subvenciones. Apoya a pacientes en situaciones cr\u00edticas que no pueden costearse el tratamiento. La financiaci\u00f3n la asigna un comit\u00e9 independiente; tambi\u00e9n se pueden financiar tratamientos fuera de los centros de LAS ALMAS.<\/p>\r\n\r\n\r\n\r\n<h4 class=\"wp-block-heading\"><strong>4. Centro de Especialistas LAS ALMAS<\/strong><\/h4>\r\n\r\n\r\n\r\n<p>Una vez al a\u00f1o, el Grupo Las Almas organiza una\u00a0<strong>Simposio\/Congreso<\/strong>\u00a0en cooperaci\u00f3n con:<\/p>\r\n\r\n\r\n\r\n<ul class=\"wp-block-list\">\r\n<li>Universidades y grupos especializados<\/li>\r\n\r\n\r\n\r\n<li>Cl\u00ednicas, centros de rehabilitaci\u00f3n, compa\u00f1\u00edas de seguros, proveedores<\/li>\r\n\r\n\r\n\r\n<li>Desarrolladores de tecnolog\u00eda y procesos<\/li>\r\n<\/ul>\r\n\r\n\r\n\r\n<p>El objetivo es intercambiar informaci\u00f3n sobre estudios actuales y nuevos desarrollos en el campo de las terapias psicol\u00f3gicas, psicoterap\u00e9uticas y neurotecnol\u00f3gicas en diversas disciplinas.<\/p>\r\n\r\n\r\n<hr class=\"wp-block-separator has-alpha-channel-opacity\" \/>\r\n\r\n\r\n<p><strong>Grupo Las Almas \u2013 Ciencia, tecnolog\u00eda y humanidad en equilibrio.<\/strong><\/p>","protected":false},"excerpt":{"rendered":"<p>Unternehmensstruktur der Las Almas Group Die Las Almas Group verfolgt ein klares, wachstumsorientiertes Modell mit dem Ziel, moderne, neurotherapeutische Institute in unterschiedlichen L\u00e4ndern Europas aufzubauen. Unsere Institute stehen f\u00fcr hohe Professionalit\u00e4t in medizinischem und therapeutischem Bereich mit fundiertem Fachwissen unter Anwendung zertifizierter Medizinprodukte und wissenschaftlich anerkannten Therapieverfahren. Las ALMAS Holding GmbH\u00a0 Die zentrale Holdinggesellschaft der [&hellip;]<\/p>\n","protected":false},"author":16,"featured_media":0,"parent":0,"menu_order":0,"comment_status":"closed","ping_status":"closed","template":"","meta":{"footnotes":""},"class_list":["post-13274","page","type-page","status-publish","hentry"],"_links":{"self":[{"href":"https:\/\/www.lasalmasgroup.com\/es\/wp-json\/wp\/v2\/pages\/13274","targetHints":{"allow":["GET"]}}],"collection":[{"href":"https:\/\/www.lasalmasgroup.com\/es\/wp-json\/wp\/v2\/pages"}],"about":[{"href":"https:\/\/www.lasalmasgroup.com\/es\/wp-json\/wp\/v2\/types\/page"}],"author":[{"embeddable":true,"href":"https:\/\/www.lasalmasgroup.com\/es\/wp-json\/wp\/v2\/users\/16"}],"replies":[{"embeddable":true,"href":"https:\/\/www.lasalmasgroup.com\/es\/wp-json\/wp\/v2\/comments?post=13274"}],"version-history":[{"count":0,"href":"https:\/\/www.lasalmasgroup.com\/es\/wp-json\/wp\/v2\/pages\/13274\/revisions"}],"wp:attachment":[{"href":"https:\/\/www.lasalmasgroup.com\/es\/wp-json\/wp\/v2\/media?parent=13274"}],"curies":[{"name":"wp","href":"https:\/\/api.w.org\/{rel}","templated":true}]}}